{"id":6254,"date":"2023-06-01T07:05:28","date_gmt":"2023-06-01T06:05:28","guid":{"rendered":"https:\/\/imgw.designbees.ch\/?page_id=6254"},"modified":"2023-11-11T20:06:54","modified_gmt":"2023-11-11T19:06:54","slug":"regierungsratsgeschaefte-in-einer-kantonalen-direktion","status":"publish","type":"page","link":"https:\/\/imageware.ch\/de\/regierungsratsgeschaefte-in-einer-kantonalen-direktion\/","title":{"rendered":"Regierungsratsgesch\u00e4fte in einer kantonalen Direktion."},"content":{"rendered":"\t\t<div data-elementor-type=\"wp-page\" data-elementor-id=\"6254\" class=\"elementor elementor-6254 elementor-3572\">\n\t\t\t\t\t\t<section class=\"elementor-section elementor-top-section elementor-element elementor-element-8c3c916 elementor-section-items-stretch elementor-section-content-top elementor-section-height-min-height imgw_header elementor-section-boxed elementor-section-height-default\" data-id=\"8c3c916\" data-element_type=\"section\" data-settings=\"{&quot;background_background&quot;:&quot;classic&quot;}\">\n\t\t\t\t\t\t<div class=\"elementor-container elementor-column-gap-default\">\n\t\t\t\t\t<div class=\"elementor-column elementor-col-100 elementor-top-column elementor-element elementor-element-ebd3b8c\" data-id=\"ebd3b8c\" data-element_type=\"column\">\n\t\t\t<div class=\"elementor-widget-wrap elementor-element-populated\">\n\t\t\t\t\t\t<div class=\"elementor-element elementor-element-a59186d elementor-widget elementor-widget-heading\" data-id=\"a59186d\" data-element_type=\"widget\" data-widget_type=\"heading.default\">\n\t\t\t\t<div class=\"elementor-widget-container\">\n\t\t\t<h1 class=\"elementor-heading-title elementor-size-default\">REGIERUNGSRATS-<\/h1>\t\t<\/div>\n\t\t\t\t<\/div>\n\t\t\t\t<div class=\"elementor-element elementor-element-405a7c1 elementor-widget elementor-widget-heading\" data-id=\"405a7c1\" data-element_type=\"widget\" data-widget_type=\"heading.default\">\n\t\t\t\t<div class=\"elementor-widget-container\">\n\t\t\t<h1 class=\"elementor-heading-title elementor-size-default\">GESCH\u00c4FTE<\/h1>\t\t<\/div>\n\t\t\t\t<\/div>\n\t\t\t\t\t<\/div>\n\t\t<\/div>\n\t\t\t\t\t<\/div>\n\t\t<\/section>\n\t\t\t\t<section class=\"elementor-section elementor-top-section elementor-element elementor-element-61ac60b imgw_sticky_header elementor-section-boxed elementor-section-height-default elementor-section-height-default\" data-id=\"61ac60b\" data-element_type=\"section\">\n\t\t\t\t\t\t<div class=\"elementor-container elementor-column-gap-default\">\n\t\t\t\t\t<div class=\"elementor-column elementor-col-100 elementor-top-column elementor-element elementor-element-5c46c41\" data-id=\"5c46c41\" data-element_type=\"column\">\n\t\t\t<div class=\"elementor-widget-wrap elementor-element-populated\">\n\t\t\t\t\t\t<div class=\"elementor-element elementor-element-33e9873 elementor-widget elementor-widget-ucaddon_back_button\" data-id=\"33e9873\" data-element_type=\"widget\" data-widget_type=\"ucaddon_back_button.default\">\n\t\t\t\t<div class=\"elementor-widget-container\">\n\t\t\t\n<!-- start back-button -->\n<style>\/* widget: back-button *\/\n\n.back-button  i {\n    color: #990001 !important;\n    font-size: 1.5em; \n}\n\n.back-button{\n  border: 0px;\n  outline: 0px;\n  position: absolute;\n  right: -50px;\n}\n\n.imgw_sticky_header\n{\n\tpadding: 0;\n\tcursor: pointer;\n    position: -webkit-sticky !important;\n  \tposition: sticky !important;\n  \ttop: 94vh;\n    z-index: 1000\n}\n\n.is-pinned{\n\tbackground: red !important\n}\n\n\/*Media tablet - landscape*\/\n@media (min-width: 768px) and (max-width: 1024px) {\n  .back-button{\n    border: 0px;\n    outline: 0px;\n    margin-left: 0px;\n    background: #fff;\n  }\n}\n\n.back-button:hover, .back-button:active, .back-button:focus{\n  background:none;\n}\n\n<\/style>\n\n<button type=\"button\" class=\"back-button\"><i aria-hidden=\"true\" class=\"fas fa-arrow-circle-up\"><\/i><\/button>\n<!-- end back-button -->\t\t<\/div>\n\t\t\t\t<\/div>\n\t\t\t\t\t<\/div>\n\t\t<\/div>\n\t\t\t\t\t<\/div>\n\t\t<\/section>\n\t\t\t\t<section class=\"elementor-section elementor-top-section elementor-element elementor-element-ea452b1 elementor-section-boxed elementor-section-height-default elementor-section-height-default\" data-id=\"ea452b1\" data-element_type=\"section\">\n\t\t\t\t\t\t<div class=\"elementor-container elementor-column-gap-default\">\n\t\t\t\t\t<div class=\"elementor-column elementor-col-100 elementor-top-column elementor-element elementor-element-d77721a\" data-id=\"d77721a\" data-element_type=\"column\">\n\t\t\t<div class=\"elementor-widget-wrap elementor-element-populated\">\n\t\t\t\t\t\t<div class=\"elementor-element elementor-element-9845093 elementor-widget elementor-widget-heading\" data-id=\"9845093\" data-element_type=\"widget\" data-widget_type=\"heading.default\">\n\t\t\t\t<div class=\"elementor-widget-container\">\n\t\t\t<h2 class=\"elementor-heading-title elementor-size-default\">In einer kantonalen Direktion<\/h2>\t\t<\/div>\n\t\t\t\t<\/div>\n\t\t\t\t\t<\/div>\n\t\t<\/div>\n\t\t\t\t\t<\/div>\n\t\t<\/section>\n\t\t\t\t<section class=\"elementor-section elementor-top-section elementor-element elementor-element-1115e24 elementor-section-height-min-height elementor-section-items-top elementor-section-boxed elementor-section-height-default\" data-id=\"1115e24\" data-element_type=\"section\">\n\t\t\t\t\t\t<div class=\"elementor-container elementor-column-gap-default\">\n\t\t\t\t\t<div class=\"elementor-column elementor-col-100 elementor-top-column elementor-element elementor-element-03c1b9d\" data-id=\"03c1b9d\" data-element_type=\"column\">\n\t\t\t<div class=\"elementor-widget-wrap elementor-element-populated\">\n\t\t\t\t\t\t<div class=\"elementor-element elementor-element-690f001 imgw_p_summit elementor-widget elementor-widget-heading\" data-id=\"690f001\" data-element_type=\"widget\" data-widget_type=\"heading.default\">\n\t\t\t\t<div class=\"elementor-widget-container\">\n\t\t\t<p class=\"elementor-heading-title elementor-size-default\">In kantonalen Verwaltungen nimmt die Abwicklung der Direktionsgesch\u00e4fte sehr viel Zeit in Anspruch. Gesetzte Termine k\u00f6nnen vielfach nicht eingehalten werden. Die Gesch\u00e4ftskontrolle und verl\u00e4ssliche Ausk\u00fcnfte \u00fcber den Stand der Gesch\u00e4fte sind nur sehr umst\u00e4ndlich m\u00f6glich.\n <\/p>\t\t<\/div>\n\t\t\t\t<\/div>\n\t\t\t\t\t<\/div>\n\t\t<\/div>\n\t\t\t\t\t<\/div>\n\t\t<\/section>\n\t\t\t\t<section class=\"elementor-section elementor-top-section elementor-element elementor-element-7bb405e elementor-section-boxed elementor-section-height-default elementor-section-height-default\" data-id=\"7bb405e\" data-element_type=\"section\">\n\t\t\t\t\t\t<div class=\"elementor-container elementor-column-gap-default\">\n\t\t\t\t\t<div class=\"elementor-column elementor-col-100 elementor-top-column elementor-element elementor-element-c6a8d5a\" data-id=\"c6a8d5a\" data-element_type=\"column\">\n\t\t\t<div class=\"elementor-widget-wrap elementor-element-populated\">\n\t\t\t\t\t\t<div class=\"elementor-element elementor-element-591ef75 elementor-widget elementor-widget-heading\" data-id=\"591ef75\" data-element_type=\"widget\" data-widget_type=\"heading.default\">\n\t\t\t\t<div class=\"elementor-widget-container\">\n\t\t\t<p class=\"elementor-heading-title elementor-size-default\">Eine Gesch\u00e4ftskontrolle basierend auf einer Business Process Management L\u00f6sung unterst\u00fctzt Verwaltungen bei der Erfassung, Terminierung, Zuteilung, Kontrolle und Qualit\u00e4tssicherung ihrer Gesch\u00e4fte. Dabei besitzt die Gesch\u00e4ftskontrolle direkte Schnittstellen zum Document Management System und zur Archivierung.  <br>Alle Gesch\u00e4fte k\u00f6nnen elektronisch abgewickelt werden und die Gesch\u00e4fts- und Terminkontrolle ist jederzeit gew\u00e4hrleistet. Die Zusammenarbeit innerhalb der Organisation wird gef\u00f6rdert und die Effizienz massiv gesteigert. \u00dcber den Status der Gesch\u00e4fte kann stets Auskunft gegeben werden und die Ergebnisse werden termingerecht geliefert.  <\/p>\t\t<\/div>\n\t\t\t\t<\/div>\n\t\t\t\t\t<\/div>\n\t\t<\/div>\n\t\t\t\t\t<\/div>\n\t\t<\/section>\n\t\t\t\t<\/div>\n\t\t","protected":false},"excerpt":{"rendered":"<p>REGIERUNGSRATS- GESCH\u00c4FTE In einer kantonalen Direktion In kantonalen Verwaltungen nimmt die Abwicklung der Direktionsgesch\u00e4fte sehr viel Zeit in Anspruch. Gesetzte Termine k\u00f6nnen vielfach nicht eingehalten werden. Die Gesch\u00e4ftskontrolle und verl\u00e4ssliche Ausk\u00fcnfte \u00fcber den Stand der Gesch\u00e4fte sind nur sehr umst\u00e4ndlich m\u00f6glich. Eine Gesch\u00e4ftskontrolle basierend auf einer Business Process Management L\u00f6sung unterst\u00fctzt Verwaltungen bei der Erfassung, [&hellip;]<\/p>\n","protected":false},"author":2,"featured_media":0,"parent":0,"menu_order":0,"comment_status":"closed","ping_status":"closed","template":"","meta":{"footnotes":""},"class_list":["post-6254","page","type-page","status-publish","hentry"],"yoast_head":"<!-- This site is optimized with the Yoast SEO plugin v27.4 - https:\/\/yoast.com\/product\/yoast-seo-wordpress\/ -->\n<title>Regierungsratsgesch\u00e4fte in einer kantonalen Direktion. - Imageware AG<\/title>\n<meta name=\"robots\" content=\"index, follow, max-snippet:-1, max-image-preview:large, max-video-preview:-1\" \/>\n<link rel=\"canonical\" href=\"https:\/\/imageware.ch\/de\/regierungsratsgeschaefte-in-einer-kantonalen-direktion\/\" \/>\n<meta property=\"og:locale\" content=\"de_DE\" \/>\n<meta property=\"og:type\" content=\"article\" \/>\n<meta property=\"og:title\" content=\"Regierungsratsgesch\u00e4fte in einer kantonalen Direktion. - Imageware AG\" \/>\n<meta property=\"og:description\" content=\"REGIERUNGSRATS- GESCH\u00c4FTE In einer kantonalen Direktion In kantonalen Verwaltungen nimmt die Abwicklung der Direktionsgesch\u00e4fte sehr viel Zeit in Anspruch. Gesetzte Termine k\u00f6nnen vielfach nicht eingehalten werden. Die Gesch\u00e4ftskontrolle und verl\u00e4ssliche Ausk\u00fcnfte \u00fcber den Stand der Gesch\u00e4fte sind nur sehr umst\u00e4ndlich m\u00f6glich. Eine Gesch\u00e4ftskontrolle basierend auf einer Business Process Management L\u00f6sung unterst\u00fctzt Verwaltungen bei der Erfassung, [&hellip;]\" \/>\n<meta property=\"og:url\" content=\"https:\/\/imageware.ch\/de\/regierungsratsgeschaefte-in-einer-kantonalen-direktion\/\" \/>\n<meta property=\"og:site_name\" content=\"Imageware AG\" \/>\n<meta property=\"article:modified_time\" content=\"2023-11-11T19:06:54+00:00\" \/>\n<meta property=\"og:image\" content=\"https:\/\/imageware.ch\/wp-content\/uploads\/2023\/02\/Image.png\" \/>\n\t<meta property=\"og:image:width\" content=\"532\" \/>\n\t<meta property=\"og:image:height\" content=\"610\" \/>\n\t<meta property=\"og:image:type\" content=\"image\/png\" \/>\n<meta name=\"twitter:card\" content=\"summary_large_image\" \/>\n<meta name=\"twitter:label1\" content=\"Gesch\u00e4tzte Lesezeit\" \/>\n\t<meta name=\"twitter:data1\" content=\"1\u00a0Minute\" \/>\n<script type=\"application\/ld+json\" class=\"yoast-schema-graph\">{\"@context\":\"https:\\\/\\\/schema.org\",\"@graph\":[{\"@type\":\"WebPage\",\"@id\":\"https:\\\/\\\/imageware.ch\\\/de\\\/regierungsratsgeschaefte-in-einer-kantonalen-direktion\\\/\",\"url\":\"https:\\\/\\\/imageware.ch\\\/de\\\/regierungsratsgeschaefte-in-einer-kantonalen-direktion\\\/\",\"name\":\"Regierungsratsgesch\u00e4fte in einer kantonalen Direktion. - Imageware AG\",\"isPartOf\":{\"@id\":\"https:\\\/\\\/imageware.ch\\\/de\\\/#website\"},\"datePublished\":\"2023-06-01T06:05:28+00:00\",\"dateModified\":\"2023-11-11T19:06:54+00:00\",\"breadcrumb\":{\"@id\":\"https:\\\/\\\/imageware.ch\\\/de\\\/regierungsratsgeschaefte-in-einer-kantonalen-direktion\\\/#breadcrumb\"},\"inLanguage\":\"de\",\"potentialAction\":[{\"@type\":\"ReadAction\",\"target\":[\"https:\\\/\\\/imageware.ch\\\/de\\\/regierungsratsgeschaefte-in-einer-kantonalen-direktion\\\/\"]}]},{\"@type\":\"BreadcrumbList\",\"@id\":\"https:\\\/\\\/imageware.ch\\\/de\\\/regierungsratsgeschaefte-in-einer-kantonalen-direktion\\\/#breadcrumb\",\"itemListElement\":[{\"@type\":\"ListItem\",\"position\":1,\"name\":\"Home\",\"item\":\"https:\\\/\\\/imageware.ch\\\/de\\\/\"},{\"@type\":\"ListItem\",\"position\":2,\"name\":\"Regierungsratsgesch\u00e4fte in einer kantonalen Direktion.\"}]},{\"@type\":\"WebSite\",\"@id\":\"https:\\\/\\\/imageware.ch\\\/de\\\/#website\",\"url\":\"https:\\\/\\\/imageware.ch\\\/de\\\/\",\"name\":\"Imageware AG - Intelligent Information Management Solutions\",\"description\":\"We turn information into knowledge!\",\"publisher\":{\"@id\":\"https:\\\/\\\/imageware.ch\\\/de\\\/#organization\"},\"potentialAction\":[{\"@type\":\"SearchAction\",\"target\":{\"@type\":\"EntryPoint\",\"urlTemplate\":\"https:\\\/\\\/imageware.ch\\\/de\\\/?s={search_term_string}\"},\"query-input\":{\"@type\":\"PropertyValueSpecification\",\"valueRequired\":true,\"valueName\":\"search_term_string\"}}],\"inLanguage\":\"de\"},{\"@type\":\"Organization\",\"@id\":\"https:\\\/\\\/imageware.ch\\\/de\\\/#organization\",\"name\":\"Imageware AG - Intelligent Information Management Solutions\",\"url\":\"https:\\\/\\\/imageware.ch\\\/de\\\/\",\"logo\":{\"@type\":\"ImageObject\",\"inLanguage\":\"de\",\"@id\":\"https:\\\/\\\/imageware.ch\\\/de\\\/#\\\/schema\\\/logo\\\/image\\\/\",\"url\":\"https:\\\/\\\/imageware.ch\\\/wp-content\\\/uploads\\\/2023\\\/02\\\/logo1.png\",\"contentUrl\":\"https:\\\/\\\/imageware.ch\\\/wp-content\\\/uploads\\\/2023\\\/02\\\/logo1.png\",\"width\":384,\"height\":110,\"caption\":\"Imageware AG - Intelligent Information Management Solutions\"},\"image\":{\"@id\":\"https:\\\/\\\/imageware.ch\\\/de\\\/#\\\/schema\\\/logo\\\/image\\\/\"}}]}<\/script>\n<!-- \/ Yoast SEO plugin. -->","yoast_head_json":{"title":"Regierungsratsgesch\u00e4fte in einer kantonalen Direktion. - Imageware AG","robots":{"index":"index","follow":"follow","max-snippet":"max-snippet:-1","max-image-preview":"max-image-preview:large","max-video-preview":"max-video-preview:-1"},"canonical":"https:\/\/imageware.ch\/de\/regierungsratsgeschaefte-in-einer-kantonalen-direktion\/","og_locale":"de_DE","og_type":"article","og_title":"Regierungsratsgesch\u00e4fte in einer kantonalen Direktion. - Imageware AG","og_description":"REGIERUNGSRATS- GESCH\u00c4FTE In einer kantonalen Direktion In kantonalen Verwaltungen nimmt die Abwicklung der Direktionsgesch\u00e4fte sehr viel Zeit in Anspruch. Gesetzte Termine k\u00f6nnen vielfach nicht eingehalten werden. Die Gesch\u00e4ftskontrolle und verl\u00e4ssliche Ausk\u00fcnfte \u00fcber den Stand der Gesch\u00e4fte sind nur sehr umst\u00e4ndlich m\u00f6glich. Eine Gesch\u00e4ftskontrolle basierend auf einer Business Process Management L\u00f6sung unterst\u00fctzt Verwaltungen bei der Erfassung, [&hellip;]","og_url":"https:\/\/imageware.ch\/de\/regierungsratsgeschaefte-in-einer-kantonalen-direktion\/","og_site_name":"Imageware AG","article_modified_time":"2023-11-11T19:06:54+00:00","og_image":[{"width":532,"height":610,"url":"https:\/\/imageware.ch\/wp-content\/uploads\/2023\/02\/Image.png","type":"image\/png"}],"twitter_card":"summary_large_image","twitter_misc":{"Gesch\u00e4tzte Lesezeit":"1\u00a0Minute"},"schema":{"@context":"https:\/\/schema.org","@graph":[{"@type":"WebPage","@id":"https:\/\/imageware.ch\/de\/regierungsratsgeschaefte-in-einer-kantonalen-direktion\/","url":"https:\/\/imageware.ch\/de\/regierungsratsgeschaefte-in-einer-kantonalen-direktion\/","name":"Regierungsratsgesch\u00e4fte in einer kantonalen Direktion. - Imageware AG","isPartOf":{"@id":"https:\/\/imageware.ch\/de\/#website"},"datePublished":"2023-06-01T06:05:28+00:00","dateModified":"2023-11-11T19:06:54+00:00","breadcrumb":{"@id":"https:\/\/imageware.ch\/de\/regierungsratsgeschaefte-in-einer-kantonalen-direktion\/#breadcrumb"},"inLanguage":"de","potentialAction":[{"@type":"ReadAction","target":["https:\/\/imageware.ch\/de\/regierungsratsgeschaefte-in-einer-kantonalen-direktion\/"]}]},{"@type":"BreadcrumbList","@id":"https:\/\/imageware.ch\/de\/regierungsratsgeschaefte-in-einer-kantonalen-direktion\/#breadcrumb","itemListElement":[{"@type":"ListItem","position":1,"name":"Home","item":"https:\/\/imageware.ch\/de\/"},{"@type":"ListItem","position":2,"name":"Regierungsratsgesch\u00e4fte in einer kantonalen Direktion."}]},{"@type":"WebSite","@id":"https:\/\/imageware.ch\/de\/#website","url":"https:\/\/imageware.ch\/de\/","name":"Imageware AG - Intelligent Information Management Solutions","description":"We turn information into knowledge!","publisher":{"@id":"https:\/\/imageware.ch\/de\/#organization"},"potentialAction":[{"@type":"SearchAction","target":{"@type":"EntryPoint","urlTemplate":"https:\/\/imageware.ch\/de\/?s={search_term_string}"},"query-input":{"@type":"PropertyValueSpecification","valueRequired":true,"valueName":"search_term_string"}}],"inLanguage":"de"},{"@type":"Organization","@id":"https:\/\/imageware.ch\/de\/#organization","name":"Imageware AG - Intelligent Information Management Solutions","url":"https:\/\/imageware.ch\/de\/","logo":{"@type":"ImageObject","inLanguage":"de","@id":"https:\/\/imageware.ch\/de\/#\/schema\/logo\/image\/","url":"https:\/\/imageware.ch\/wp-content\/uploads\/2023\/02\/logo1.png","contentUrl":"https:\/\/imageware.ch\/wp-content\/uploads\/2023\/02\/logo1.png","width":384,"height":110,"caption":"Imageware AG - Intelligent Information Management Solutions"},"image":{"@id":"https:\/\/imageware.ch\/de\/#\/schema\/logo\/image\/"}}]}},"_links":{"self":[{"href":"https:\/\/imageware.ch\/de\/wp-json\/wp\/v2\/pages\/6254","targetHints":{"allow":["GET"]}}],"collection":[{"href":"https:\/\/imageware.ch\/de\/wp-json\/wp\/v2\/pages"}],"about":[{"href":"https:\/\/imageware.ch\/de\/wp-json\/wp\/v2\/types\/page"}],"author":[{"embeddable":true,"href":"https:\/\/imageware.ch\/de\/wp-json\/wp\/v2\/users\/2"}],"replies":[{"embeddable":true,"href":"https:\/\/imageware.ch\/de\/wp-json\/wp\/v2\/comments?post=6254"}],"version-history":[{"count":38,"href":"https:\/\/imageware.ch\/de\/wp-json\/wp\/v2\/pages\/6254\/revisions"}],"predecessor-version":[{"id":23251,"href":"https:\/\/imageware.ch\/de\/wp-json\/wp\/v2\/pages\/6254\/revisions\/23251"}],"wp:attachment":[{"href":"https:\/\/imageware.ch\/de\/wp-json\/wp\/v2\/media?parent=6254"}],"curies":[{"name":"wp","href":"https:\/\/api.w.org\/{rel}","templated":true}]}}